{"id":534,"date":"2021-07-12T13:49:23","date_gmt":"2021-07-12T13:49:23","guid":{"rendered":"https:\/\/relational.se\/?page_id=534"},"modified":"2021-07-12T13:50:01","modified_gmt":"2021-07-12T13:50:01","slug":"gdpr","status":"publish","type":"page","link":"https:\/\/relational.se\/en\/gdpr\/","title":{"rendered":"GDPR"},"content":{"rendered":"\t\t<div data-elementor-type=\"wp-page\" data-elementor-id=\"534\" class=\"elementor elementor-534\">\n\t\t\t\t\t\t\t\t\t<section class=\"elementor-section elementor-top-section elementor-element elementor-element-74f2291 elementor-section-boxed elementor-section-height-default elementor-section-height-default\" data-id=\"74f2291\" data-element_type=\"section\">\n\t\t\t\t\t\t<div class=\"elementor-container elementor-column-gap-default\">\n\t\t\t\t\t<div class=\"elementor-column elementor-col-100 elementor-top-column elementor-element elementor-element-dfb8973\" data-id=\"dfb8973\" data-element_type=\"column\">\n\t\t\t<div class=\"elementor-widget-wrap elementor-element-populated\">\n\t\t\t\t\t\t\t\t<div class=\"elementor-element elementor-element-ae3f5e0 elementor-widget elementor-widget-text-editor\" data-id=\"ae3f5e0\" data-element_type=\"widget\" data-widget_type=\"text-editor.default\">\n\t\t\t\t<div class=\"elementor-widget-container\">\n\t\t\t\t\t\t\t<h1>Integritetspolicy<\/h1><p>2021-07-12<\/p><p>Detta dokument beskriver hur SG Semantor (<em>Suzanne Gieser) <\/em>behandlar personuppgifter i relation till kunder och patienter. Skulle denna policy \u00e4ndras i framtiden, s\u00e5 kommer den att uppdateras p\u00e5 hemsidan, med angivande av datum f\u00f6r f\u00f6r\u00e4ndringens genomf\u00f6rande.<\/p><p><strong>VAD \u00c4R GDPR?<\/strong><\/p><p>GDPR st\u00e5r f\u00f6r General Data Protection Regulation, och \u00e4r en ny dataskyddsf\u00f6rordning som g\u00e4ller inom Europeiska Unionen fr\u00e5n och med den 25 maj 2018, och reglerar hur f\u00f6retag och organisationer f\u00e5r hantera dina personuppgifter.<\/p><p><strong>VAD \u00c4R PERSONUPPGIFTER?<\/strong><\/p><p>Personuppgifter \u00e4r slags information som kan kopplas till en levande person. Exempel p\u00e5 personuppgifter \u00e4r namn, personnummer, postadress och e-postadress, men \u00e4ven andra uppgifter relaterat till den fysiska, genetiska, psykiska, ekonomiska, kulturella eller sociala identiteten hos en person.<\/p><p><strong>VILKA SLAGS PERSONUPPGIFTER HANTERAR F\u00f6retag?<\/strong><\/p><p>Jag behandlar grundl\u00e4ggande personuppgifter s\u00e5 som namn, adress, personnummer och telefonnummer. I min kliniska verksamhet behandlar jag \u00e4ven uppgifter g\u00e4llande din h\u00e4lsa och v\u00e5rd, som framkommit i samband med v\u00e5r behandlingskontakt.<\/p><p><strong>HANTERING AV PERSONUPPGIFTER<\/strong><\/p><p>Jag tar din integritet p\u00e5 st\u00f6rsta allvar och jobbar st\u00e4ndigt med att s\u00e4kerst\u00e4lla s\u00e4kerheten kring dina personuppgifter. SG Semantor varken s\u00e4ljer, byter eller p\u00e5 annat s\u00e4tt \u00f6verf\u00f6r personuppgifter till annan part utan ditt medgivande.<\/p><p>Personuppgifter n\u00f6dv\u00e4ndiga f\u00f6r fakturering, bokf\u00f6ring, samt journalf\u00f6ring hanteras i enlighet med lagstiftningens krav, vid anlitande av underleverant\u00f6r reglerat i avtal om personuppgiftsbitr\u00e4de. Personuppgifter som h\u00f6r till patientkontakter i ett journalsystem godk\u00e4nt av Socialstyrelsen. Detta system \u00e4r f\u00f6rlagt p\u00e5 servrar f\u00f6rlagda inom EU och tillhandah\u00e5lls av en underleverant\u00f6r som agerar personuppgiftsbitr\u00e4de \u00e5t mig.<\/p><p><strong>HUR L\u00c4NGE LAGRAS PERSONUPPGIFTER?<\/strong><\/p><p>Patientinformation om dig sparas i enlighet med g\u00e4llande patientdatalagstiftning, vilken kr\u00e4ver att dessa data lagras i minst 10 \u00e5r efter sista anteckning.<\/p><p>Personuppgifter n\u00f6dv\u00e4ndiga f\u00f6r bokf\u00f6ring sparas i enlighet med Bokf\u00f6ringslagen, som kr\u00e4ver att r\u00e4kenskapsinformation sparas i 7 \u00e5r.<\/p><p>Annan data lagras enbart i den utstr\u00e4ckning det \u00e4r n\u00f6dv\u00e4ndigt f\u00f6r att jag ska kunna erbjuda en h\u00f6gkvalitativ tj\u00e4nst, i enlighet med till\u00e4mpliga lagar. S\u00e5dan data som inte enligt lag skall lagras efter avslutad kontakt, rensas regelbundet.<\/p><p><strong>R\u00c4TT ATT F\u00c5 TILLG\u00c5NG TILL DINA PERSONUPPGIFTER<\/strong><\/p><p>Du har r\u00e4tt att f\u00e5 ta del av de personuppgifter jag har om dig, varifr\u00e5n dessa uppgifter inh\u00e4mtats, syftet med behandlingen, och om och i s\u00e5 fall med vem informationen delats. Du har ocks\u00e5 r\u00e4tt att kr\u00e4va att personuppgifter \u00e4ndras, raderas eller kompletteras, i den utstr\u00e4ckning detta inte strider mot patientdatalag och bokf\u00f6ringslag.<\/p><p>Kontakta mig om du \u00f6nskar information om f\u00f6rekommande personuppgifter, eller \u00f6nskar \u00e4ndring, komplettering eller radering i enlighet med g\u00e4llande lagstiftning.<\/p><p>Vid beg\u00e4ran om att bli gl\u00f6md i enlighet med GDPR kommer s\u00e5dan information som f\u00e5r raderas att raderas s\u00e5 fort som m\u00f6jligt, dock inte senare \u00e4n 30 dagar efter att beg\u00e4ran inkommit.<\/p><p><strong>SAMTYCKE<\/strong><\/p><p>Genom att kontakta mig samtycker du till min behandling av personuppgifter i enlighet med ovanst\u00e5ende policy.<\/p><p>\u00a0<\/p>\t\t\t\t\t\t<\/div>\n\t\t\t\t<\/div>\n\t\t\t\t\t<\/div>\n\t\t<\/div>\n\t\t\t\t\t\t\t<\/div>\n\t\t<\/section>\n\t\t\t\t\t\t\t<\/div>\n\t\t","protected":false},"excerpt":{"rendered":"<p>Integritetspolicy 2021-07-12 Detta dokument beskriver hur SG Semantor (Suzanne Gieser) behandlar personuppgifter i relation till kunder och patienter. Skulle denna &#8230; <\/p>\n<p class=\"read-more-container\"><a title=\"GDPR\" class=\"read-more button\" href=\"https:\/\/relational.se\/en\/gdpr\/#more-534\" aria-label=\"More on GDPR\">Read more<\/a><\/p>\n","protected":false},"author":2,"featured_media":0,"parent":0,"menu_order":0,"comment_status":"closed","ping_status":"closed","template":"","meta":{"footnotes":""},"class_list":{"0":"post-534","1":"page","2":"type-page","3":"status-publish","5":"infinite-scroll-item","6":"no-featured-image-padding"},"_links":{"self":[{"href":"https:\/\/relational.se\/en\/wp-json\/wp\/v2\/pages\/534","targetHints":{"allow":["GET"]}}],"collection":[{"href":"https:\/\/relational.se\/en\/wp-json\/wp\/v2\/pages"}],"about":[{"href":"https:\/\/relational.se\/en\/wp-json\/wp\/v2\/types\/page"}],"author":[{"embeddable":true,"href":"https:\/\/relational.se\/en\/wp-json\/wp\/v2\/users\/2"}],"replies":[{"embeddable":true,"href":"https:\/\/relational.se\/en\/wp-json\/wp\/v2\/comments?post=534"}],"version-history":[{"count":5,"href":"https:\/\/relational.se\/en\/wp-json\/wp\/v2\/pages\/534\/revisions"}],"predecessor-version":[{"id":539,"href":"https:\/\/relational.se\/en\/wp-json\/wp\/v2\/pages\/534\/revisions\/539"}],"wp:attachment":[{"href":"https:\/\/relational.se\/en\/wp-json\/wp\/v2\/media?parent=534"}],"curies":[{"name":"wp","href":"https:\/\/api.w.org\/{rel}","templated":true}]}}